{"id":1344,"date":"2025-03-25T10:11:34","date_gmt":"2025-03-25T09:11:34","guid":{"rendered":"https:\/\/newsite.360rentals.it\/home\/"},"modified":"2025-04-04T21:50:06","modified_gmt":"2025-04-04T20:50:06","slug":"home","status":"publish","type":"page","link":"https:\/\/360rentals.it\/de\/","title":{"rendered":"Home"},"content":{"rendered":"\t\t<div data-elementor-type=\"wp-page\" data-elementor-id=\"1344\" class=\"elementor elementor-1344 elementor-881\" data-elementor-post-type=\"page\">\n\t\t\t\t<div class=\"elementor-element elementor-element-8d2f212 e-flex e-con-boxed e-con e-parent\" data-id=\"8d2f212\" data-element_type=\"container\" data-settings=\"{&quot;background_background&quot;:&quot;classic&quot;,&quot;background_motion_fx_motion_fx_scrolling&quot;:&quot;yes&quot;,&quot;background_motion_fx_translateY_effect&quot;:&quot;yes&quot;,&quot;background_motion_fx_translateY_speed&quot;:{&quot;unit&quot;:&quot;px&quot;,&quot;size&quot;:1,&quot;sizes&quot;:[]},&quot;background_motion_fx_translateY_affectedRange&quot;:{&quot;unit&quot;:&quot;%&quot;,&quot;size&quot;:&quot;&quot;,&quot;sizes&quot;:{&quot;start&quot;:0,&quot;end&quot;:100}},&quot;background_motion_fx_devices&quot;:[&quot;desktop&quot;,&quot;tablet&quot;,&quot;mobile&quot;]}\">\n\t\t\t\t\t<div class=\"e-con-inner\">\n\t\t\t\t<div class=\"elementor-element elementor-element-59903efc elementor-invisible elementor-widget elementor-widget-heading\" data-id=\"59903efc\" data-element_type=\"widget\" data-settings=\"{&quot;_animation&quot;:&quot;fadeInUp&quot;}\" data-widget_type=\"heading.default\">\n\t\t\t\t<div class=\"elementor-widget-container\">\n\t\t\t\t\t<h1 class=\"elementor-heading-title elementor-size-default\">Ihr Zuhause in Florenz<\/h1>\t\t\t\t<\/div>\n\t\t\t\t<\/div>\n\t\t\t\t<div class=\"elementor-element elementor-element-360f612e elementor-widget__width-auto elementor-invisible elementor-widget elementor-widget-heading\" data-id=\"360f612e\" data-element_type=\"widget\" data-settings=\"{&quot;_animation&quot;:&quot;fadeIn&quot;,&quot;_animation_delay&quot;:300}\" data-widget_type=\"heading.default\">\n\t\t\t\t<div class=\"elementor-widget-container\">\n\t\t\t\t\t<h6 class=\"elementor-heading-title elementor-size-default\">Finden Sie die perfekte L\u00f6sung f\u00fcr Sie<\/h6>\t\t\t\t<\/div>\n\t\t\t\t<\/div>\n\t\t\t\t\t<\/div>\n\t\t\t\t<\/div>\n\t\t<div class=\"elementor-element elementor-element-48c81723 e-con-full e-flex e-con e-parent\" data-id=\"48c81723\" data-element_type=\"container\">\n\t\t<div class=\"elementor-element elementor-element-e683ed6 e-con-full e-flex e-con e-child\" data-id=\"e683ed6\" data-element_type=\"container\">\n\t\t\t\t<div class=\"elementor-element elementor-element-15b40291 elementor-invisible elementor-widget elementor-widget-heading\" data-id=\"15b40291\" data-element_type=\"widget\" data-settings=\"{&quot;_animation&quot;:&quot;fadeInLeft&quot;,&quot;_animation_mobile&quot;:&quot;fadeInDown&quot;}\" data-widget_type=\"heading.default\">\n\t\t\t\t<div class=\"elementor-widget-container\">\n\t\t\t\t\t<h2 class=\"elementor-heading-title elementor-size-default\">360 Rentals<\/h2>\t\t\t\t<\/div>\n\t\t\t\t<\/div>\n\t\t<div class=\"elementor-element elementor-element-537f7703 e-con-full e-flex e-con e-child\" data-id=\"537f7703\" data-element_type=\"container\">\n\t\t\t\t<div class=\"elementor-element elementor-element-2357e68f elementor-widget elementor-widget-heading\" data-id=\"2357e68f\" data-element_type=\"widget\" data-widget_type=\"heading.default\">\n\t\t\t\t<div class=\"elementor-widget-container\">\n\t\t\t\t\t<h3 class=\"elementor-heading-title elementor-size-default\">Authentisches und Raffiniertes Erlebnis in Florenz oder auf dem Land<\/h3>\t\t\t\t<\/div>\n\t\t\t\t<\/div>\n\t\t\t\t<div class=\"elementor-element elementor-element-1036382e elementor-widget elementor-widget-text-editor\" data-id=\"1036382e\" data-element_type=\"widget\" data-widget_type=\"text-editor.default\">\n\t\t\t\t<div class=\"elementor-widget-container\">\n\t\t\t\t\t\t\t\t\t<p>Wir bieten eine exklusive Auswahl an Zimmern, Apartments und Villen, alle mit edlen Ausstattungen und hochwertigem Design, ideal f\u00fcr anspruchsvolle Reisende, die den Zauber dieser Region im Herzen des historischen Zentrums von Florenz, der Wiege der italienischen Renaissance, in vollem Komfort erleben m\u00f6chten.&nbsp;<\/p>\t\t\t\t\t\t\t\t<\/div>\n\t\t\t\t<\/div>\n\t\t\t\t<div class=\"elementor-element elementor-element-478c48dd elementor-widget-divider--view-line elementor-widget elementor-widget-divider\" data-id=\"478c48dd\" data-element_type=\"widget\" data-widget_type=\"divider.default\">\n\t\t\t\t<div class=\"elementor-widget-container\">\n\t\t\t\t\t\t\t<div class=\"elementor-divider\">\n\t\t\t<span class=\"elementor-divider-separator\">\n\t\t\t\t\t\t<\/span>\n\t\t<\/div>\n\t\t\t\t\t\t<\/div>\n\t\t\t\t<\/div>\n\t\t\t\t<\/div>\n\t\t\t\t<\/div>\n\t\t<div class=\"elementor-element elementor-element-f032bbc e-con-full e-flex e-con e-child\" data-id=\"f032bbc\" data-element_type=\"container\" data-settings=\"{&quot;background_background&quot;:&quot;classic&quot;}\">\n\t\t\t\t<\/div>\n\t\t\t\t<\/div>\n\t\t<div class=\"elementor-element elementor-element-35318b62 e-flex e-con-boxed e-con e-parent\" data-id=\"35318b62\" data-element_type=\"container\">\n\t\t\t\t\t<div class=\"e-con-inner\">\n\t\t\t\t<div class=\"elementor-element elementor-element-4b7b6601 elementor-invisible elementor-widget elementor-widget-heading\" data-id=\"4b7b6601\" data-element_type=\"widget\" data-settings=\"{&quot;_animation&quot;:&quot;fadeIn&quot;,&quot;_animation_delay&quot;:300}\" data-widget_type=\"heading.default\">\n\t\t\t\t<div class=\"elementor-widget-container\">\n\t\t\t\t\t<h2 class=\"elementor-heading-title elementor-size-default\">Stile e Comfort<\/h2>\t\t\t\t<\/div>\n\t\t\t\t<\/div>\n\t\t\t\t<div class=\"elementor-element elementor-element-dbe2417 elementor-widget elementor-widget-text-editor\" data-id=\"dbe2417\" data-element_type=\"widget\" data-widget_type=\"text-editor.default\">\n\t\t\t\t<div class=\"elementor-widget-container\">\n\t\t\t\t\t\t\t\t\t<p>20 Apartments, 10 Zimmer und 2 Villen mit einzigartigem Stil und modernem, elegantem oder klassischem Geschmack.<br>Alle Apartments und Zimmer sind mit Klimaanlage, Heizung, WLAN ausgestattet und perfekt f\u00fcr einen perfekten Aufenthalt vorbereitet.<\/p>\t\t\t\t\t\t\t\t<\/div>\n\t\t\t\t<\/div>\n\t\t\t\t\t<\/div>\n\t\t\t\t<\/div>\n\t\t<div class=\"elementor-element elementor-element-2ef41f64 e-flex e-con-boxed e-con e-parent\" data-id=\"2ef41f64\" data-element_type=\"container\" data-settings=\"{&quot;motion_fx_motion_fx_scrolling&quot;:&quot;yes&quot;,&quot;motion_fx_translateY_effect&quot;:&quot;yes&quot;,&quot;motion_fx_translateY_speed&quot;:{&quot;unit&quot;:&quot;px&quot;,&quot;size&quot;:1,&quot;sizes&quot;:[]},&quot;motion_fx_translateY_affectedRange&quot;:{&quot;unit&quot;:&quot;%&quot;,&quot;size&quot;:&quot;&quot;,&quot;sizes&quot;:{&quot;start&quot;:25,&quot;end&quot;:75}},&quot;motion_fx_devices&quot;:[&quot;desktop&quot;,&quot;tablet&quot;,&quot;mobile&quot;]}\">\n\t\t\t\t\t<div class=\"e-con-inner\">\n\t\t<div class=\"elementor-element elementor-element-37a707a1 e-con-full e-flex e-con e-child\" data-id=\"37a707a1\" data-element_type=\"container\">\n\t\t\t\t<div class=\"elementor-element elementor-element-63d19429 elementor-widget__width-initial elementor-absolute elementor-widget elementor-widget-spacer\" data-id=\"63d19429\" data-element_type=\"widget\" data-settings=\"{&quot;_position&quot;:&quot;absolute&quot;,&quot;motion_fx_motion_fx_scrolling&quot;:&quot;yes&quot;,&quot;motion_fx_scale_effect&quot;:&quot;yes&quot;,&quot;motion_fx_scale_direction&quot;:&quot;in-out&quot;,&quot;motion_fx_scale_speed&quot;:{&quot;unit&quot;:&quot;px&quot;,&quot;size&quot;:2,&quot;sizes&quot;:[]},&quot;motion_fx_scale_range&quot;:{&quot;unit&quot;:&quot;%&quot;,&quot;size&quot;:&quot;&quot;,&quot;sizes&quot;:{&quot;start&quot;:20,&quot;end&quot;:80}},&quot;motion_fx_devices&quot;:[&quot;desktop&quot;,&quot;tablet&quot;,&quot;mobile&quot;]}\" data-widget_type=\"spacer.default\">\n\t\t\t\t<div class=\"elementor-widget-container\">\n\t\t\t\t\t\t\t<div class=\"elementor-spacer\">\n\t\t\t<div class=\"elementor-spacer-inner\"><\/div>\n\t\t<\/div>\n\t\t\t\t\t\t<\/div>\n\t\t\t\t<\/div>\n\t\t\t\t<div class=\"elementor-element elementor-element-16d64e34 elementor-widget elementor-widget-image\" data-id=\"16d64e34\" data-element_type=\"widget\" data-widget_type=\"image.default\">\n\t\t\t\t<div class=\"elementor-widget-container\">\n\t\t\t\t\t\t\t\t\t\t\t\t\t\t\t<img fetchpriority=\"high\" fetchpriority=\"high\" decoding=\"async\" width=\"800\" height=\"534\" src=\"https:\/\/360rentals.it\/wp-content\/uploads\/2025\/03\/margherita1-1024x683.webp\" class=\"attachment-large size-large wp-image-1276\" alt=\"\" srcset=\"https:\/\/360rentals.it\/wp-content\/uploads\/2025\/03\/margherita1-1024x683.webp 1024w, https:\/\/360rentals.it\/wp-content\/uploads\/2025\/03\/margherita1-300x200.webp 300w, https:\/\/360rentals.it\/wp-content\/uploads\/2025\/03\/margherita1-768x512.webp 768w, https:\/\/360rentals.it\/wp-content\/uploads\/2025\/03\/margherita1-1536x1024.webp 1536w, https:\/\/360rentals.it\/wp-content\/uploads\/2025\/03\/margherita1-2048x1365.webp 2048w\" sizes=\"(max-width: 800px) 100vw, 800px\" \/>\t\t\t\t\t\t\t\t\t\t\t\t\t\t\t<\/div>\n\t\t\t\t<\/div>\n\t\t\t\t<div class=\"elementor-element elementor-element-5417c084 elementor-invisible elementor-widget elementor-widget-heading\" data-id=\"5417c084\" data-element_type=\"widget\" data-settings=\"{&quot;_animation&quot;:&quot;fadeIn&quot;}\" data-widget_type=\"heading.default\">\n\t\t\t\t<div class=\"elementor-widget-container\">\n\t\t\t\t\t<h5 class=\"elementor-heading-title elementor-size-default\">Villen<\/h5>\t\t\t\t<\/div>\n\t\t\t\t<\/div>\n\t\t\t\t<div class=\"elementor-element elementor-element-1c22057c elementor-widget-divider--view-line elementor-invisible elementor-widget elementor-widget-divider\" data-id=\"1c22057c\" data-element_type=\"widget\" data-settings=\"{&quot;_animation&quot;:&quot;fadeIn&quot;,&quot;_animation_delay&quot;:200}\" data-widget_type=\"divider.default\">\n\t\t\t\t<div class=\"elementor-widget-container\">\n\t\t\t\t\t\t\t<div class=\"elementor-divider\">\n\t\t\t<span class=\"elementor-divider-separator\">\n\t\t\t\t\t\t<\/span>\n\t\t<\/div>\n\t\t\t\t\t\t<\/div>\n\t\t\t\t<\/div>\n\t\t\t\t<div class=\"elementor-element elementor-element-1024fefb elementor-widget elementor-widget-text-editor\" data-id=\"1024fefb\" data-element_type=\"widget\" data-widget_type=\"text-editor.default\">\n\t\t\t\t<div class=\"elementor-widget-container\">\n\t\t\t\t\t\t\t\t\tExklusive Unterk\u00fcnfte in einer atemberaubenden Landschaft mit privatem Pool im Sommer, perfekt f\u00fcr diejenigen, die ein Luxus- und Entspannungserlebnis in einer einzigartigen Umgebung suchen.\t\t\t\t\t\t\t\t<\/div>\n\t\t\t\t<\/div>\n\t\t\t\t<\/div>\n\t\t<div class=\"elementor-element elementor-element-f0b8e26 e-con-full e-flex e-con e-child\" data-id=\"f0b8e26\" data-element_type=\"container\">\n\t\t\t\t<div class=\"elementor-element elementor-element-4fc14ece elementor-widget__width-initial elementor-absolute elementor-widget elementor-widget-spacer\" data-id=\"4fc14ece\" data-element_type=\"widget\" data-settings=\"{&quot;_position&quot;:&quot;absolute&quot;,&quot;motion_fx_motion_fx_scrolling&quot;:&quot;yes&quot;,&quot;motion_fx_scale_effect&quot;:&quot;yes&quot;,&quot;motion_fx_scale_direction&quot;:&quot;in-out&quot;,&quot;motion_fx_scale_speed&quot;:{&quot;unit&quot;:&quot;px&quot;,&quot;size&quot;:2,&quot;sizes&quot;:[]},&quot;motion_fx_scale_range&quot;:{&quot;unit&quot;:&quot;%&quot;,&quot;size&quot;:&quot;&quot;,&quot;sizes&quot;:{&quot;start&quot;:20,&quot;end&quot;:80}},&quot;motion_fx_devices&quot;:[&quot;desktop&quot;,&quot;tablet&quot;,&quot;mobile&quot;]}\" data-widget_type=\"spacer.default\">\n\t\t\t\t<div class=\"elementor-widget-container\">\n\t\t\t\t\t\t\t<div class=\"elementor-spacer\">\n\t\t\t<div class=\"elementor-spacer-inner\"><\/div>\n\t\t<\/div>\n\t\t\t\t\t\t<\/div>\n\t\t\t\t<\/div>\n\t\t\t\t<div class=\"elementor-element elementor-element-713e79b2 elementor-widget elementor-widget-image\" data-id=\"713e79b2\" data-element_type=\"widget\" data-widget_type=\"image.default\">\n\t\t\t\t<div class=\"elementor-widget-container\">\n\t\t\t\t\t\t\t\t\t\t\t\t\t\t\t<img loading=\"lazy\" decoding=\"async\" width=\"800\" height=\"531\" src=\"https:\/\/360rentals.it\/wp-content\/uploads\/2025\/03\/corno_luxury_01-1024x680.webp\" class=\"attachment-large size-large wp-image-1220\" alt=\"\" srcset=\"https:\/\/360rentals.it\/wp-content\/uploads\/2025\/03\/corno_luxury_01-1024x680.webp 1024w, https:\/\/360rentals.it\/wp-content\/uploads\/2025\/03\/corno_luxury_01-300x199.webp 300w, https:\/\/360rentals.it\/wp-content\/uploads\/2025\/03\/corno_luxury_01-768x510.webp 768w, https:\/\/360rentals.it\/wp-content\/uploads\/2025\/03\/corno_luxury_01-1536x1020.webp 1536w, https:\/\/360rentals.it\/wp-content\/uploads\/2025\/03\/corno_luxury_01-2048x1360.webp 2048w\" sizes=\"(max-width: 800px) 100vw, 800px\" \/>\t\t\t\t\t\t\t\t\t\t\t\t\t\t\t<\/div>\n\t\t\t\t<\/div>\n\t\t\t\t<div class=\"elementor-element elementor-element-490115db elementor-invisible elementor-widget elementor-widget-heading\" data-id=\"490115db\" data-element_type=\"widget\" data-settings=\"{&quot;_animation&quot;:&quot;fadeIn&quot;}\" data-widget_type=\"heading.default\">\n\t\t\t\t<div class=\"elementor-widget-container\">\n\t\t\t\t\t<h5 class=\"elementor-heading-title elementor-size-default\">Wohnungen<\/h5>\t\t\t\t<\/div>\n\t\t\t\t<\/div>\n\t\t\t\t<div class=\"elementor-element elementor-element-7eec8043 elementor-widget-divider--view-line elementor-widget elementor-widget-divider\" data-id=\"7eec8043\" data-element_type=\"widget\" data-widget_type=\"divider.default\">\n\t\t\t\t<div class=\"elementor-widget-container\">\n\t\t\t\t\t\t\t<div class=\"elementor-divider\">\n\t\t\t<span class=\"elementor-divider-separator\">\n\t\t\t\t\t\t<\/span>\n\t\t<\/div>\n\t\t\t\t\t\t<\/div>\n\t\t\t\t<\/div>\n\t\t\t\t<div class=\"elementor-element elementor-element-35fa5c16 elementor-widget elementor-widget-text-editor\" data-id=\"35fa5c16\" data-element_type=\"widget\" data-widget_type=\"text-editor.default\">\n\t\t\t\t<div class=\"elementor-widget-container\">\n\t\t\t\t\t\t\t\t\tUnabh\u00e4ngige und voll ausgestattete R\u00e4ume mit raffiniertem Design und jeglichem Komfort, ideal f\u00fcr Familien oder Freundesgruppen, die mehr Privatsph\u00e4re und Autonomie w\u00fcnschen.\t\t\t\t\t\t\t\t<\/div>\n\t\t\t\t<\/div>\n\t\t\t\t<\/div>\n\t\t<div class=\"elementor-element elementor-element-77e18a75 e-con-full e-flex e-con e-child\" data-id=\"77e18a75\" data-element_type=\"container\">\n\t\t\t\t<div class=\"elementor-element elementor-element-27096e6d elementor-widget__width-initial elementor-absolute elementor-widget elementor-widget-spacer\" data-id=\"27096e6d\" data-element_type=\"widget\" data-settings=\"{&quot;_position&quot;:&quot;absolute&quot;,&quot;motion_fx_motion_fx_scrolling&quot;:&quot;yes&quot;,&quot;motion_fx_scale_effect&quot;:&quot;yes&quot;,&quot;motion_fx_scale_direction&quot;:&quot;in-out&quot;,&quot;motion_fx_scale_speed&quot;:{&quot;unit&quot;:&quot;px&quot;,&quot;size&quot;:2,&quot;sizes&quot;:[]},&quot;motion_fx_scale_range&quot;:{&quot;unit&quot;:&quot;%&quot;,&quot;size&quot;:&quot;&quot;,&quot;sizes&quot;:{&quot;start&quot;:20,&quot;end&quot;:80}},&quot;motion_fx_devices&quot;:[&quot;desktop&quot;,&quot;tablet&quot;,&quot;mobile&quot;]}\" data-widget_type=\"spacer.default\">\n\t\t\t\t<div class=\"elementor-widget-container\">\n\t\t\t\t\t\t\t<div class=\"elementor-spacer\">\n\t\t\t<div class=\"elementor-spacer-inner\"><\/div>\n\t\t<\/div>\n\t\t\t\t\t\t<\/div>\n\t\t\t\t<\/div>\n\t\t\t\t<div class=\"elementor-element elementor-element-66626be3 elementor-widget elementor-widget-image\" data-id=\"66626be3\" data-element_type=\"widget\" data-widget_type=\"image.default\">\n\t\t\t\t<div class=\"elementor-widget-container\">\n\t\t\t\t\t\t\t\t\t\t\t\t\t\t\t<img loading=\"lazy\" decoding=\"async\" width=\"800\" height=\"613\" src=\"https:\/\/360rentals.it\/wp-content\/uploads\/2025\/03\/room5-10-1024x784.webp\" class=\"attachment-large size-large wp-image-1284\" alt=\"\" srcset=\"https:\/\/360rentals.it\/wp-content\/uploads\/2025\/03\/room5-10-1024x784.webp 1024w, https:\/\/360rentals.it\/wp-content\/uploads\/2025\/03\/room5-10-300x230.webp 300w, https:\/\/360rentals.it\/wp-content\/uploads\/2025\/03\/room5-10-768x588.webp 768w, https:\/\/360rentals.it\/wp-content\/uploads\/2025\/03\/room5-10-1536x1176.webp 1536w, https:\/\/360rentals.it\/wp-content\/uploads\/2025\/03\/room5-10.webp 1689w\" sizes=\"(max-width: 800px) 100vw, 800px\" \/>\t\t\t\t\t\t\t\t\t\t\t\t\t\t\t<\/div>\n\t\t\t\t<\/div>\n\t\t\t\t<div class=\"elementor-element elementor-element-5f5ec83c elementor-invisible elementor-widget elementor-widget-heading\" data-id=\"5f5ec83c\" data-element_type=\"widget\" data-settings=\"{&quot;_animation&quot;:&quot;fadeIn&quot;}\" data-widget_type=\"heading.default\">\n\t\t\t\t<div class=\"elementor-widget-container\">\n\t\t\t\t\t<h5 class=\"elementor-heading-title elementor-size-default\">Zimmer<\/h5>\t\t\t\t<\/div>\n\t\t\t\t<\/div>\n\t\t\t\t<div class=\"elementor-element elementor-element-4c87ad9d elementor-widget-divider--view-line elementor-widget elementor-widget-divider\" data-id=\"4c87ad9d\" data-element_type=\"widget\" data-widget_type=\"divider.default\">\n\t\t\t\t<div class=\"elementor-widget-container\">\n\t\t\t\t\t\t\t<div class=\"elementor-divider\">\n\t\t\t<span class=\"elementor-divider-separator\">\n\t\t\t\t\t\t<\/span>\n\t\t<\/div>\n\t\t\t\t\t\t<\/div>\n\t\t\t\t<\/div>\n\t\t\t\t<div class=\"elementor-element elementor-element-32e5f7ec elementor-widget elementor-widget-text-editor\" data-id=\"32e5f7ec\" data-element_type=\"widget\" data-widget_type=\"text-editor.default\">\n\t\t\t\t<div class=\"elementor-widget-container\">\n\t\t\t\t\t\t\t\t\tPerfekt f\u00fcr diejenigen, die eine komfortable und gut gelegene Unterkunft suchen, mit hochwertigen Ausstattungen und Luxusservices, ideal f\u00fcr kurze Aufenthalte oder Gesch\u00e4ftsreisen.\t\t\t\t\t\t\t\t<\/div>\n\t\t\t\t<\/div>\n\t\t\t\t<\/div>\n\t\t\t\t\t<\/div>\n\t\t\t\t<\/div>\n\t\t<div class=\"elementor-element elementor-element-55464b4e e-con-full elementor-hidden-desktop elementor-hidden-tablet elementor-hidden-mobile e-flex e-con e-parent\" data-id=\"55464b4e\" data-element_type=\"container\" data-settings=\"{&quot;background_background&quot;:&quot;classic&quot;}\">\n\t\t\t\t<div class=\"elementor-element elementor-element-6ff7ff5a elementor-widget-tablet__width-initial elementor-widget__width-initial elementor-widget elementor-widget-image\" data-id=\"6ff7ff5a\" data-element_type=\"widget\" data-widget_type=\"image.default\">\n\t\t\t\t<div class=\"elementor-widget-container\">\n\t\t\t\t\t\t\t\t\t\t\t\t\t\t\t<img loading=\"lazy\" loading=\"lazy\" decoding=\"async\" width=\"2313\" height=\"1536\" src=\"https:\/\/360rentals.it\/wp-content\/uploads\/2025\/03\/Santo_Stefano_Web-0229.webp\" class=\"attachment-full size-full wp-image-1204\" alt=\"\" srcset=\"https:\/\/360rentals.it\/wp-content\/uploads\/2025\/03\/Santo_Stefano_Web-0229.webp 2313w, https:\/\/360rentals.it\/wp-content\/uploads\/2025\/03\/Santo_Stefano_Web-0229-300x199.webp 300w, https:\/\/360rentals.it\/wp-content\/uploads\/2025\/03\/Santo_Stefano_Web-0229-1024x680.webp 1024w, https:\/\/360rentals.it\/wp-content\/uploads\/2025\/03\/Santo_Stefano_Web-0229-768x510.webp 768w, https:\/\/360rentals.it\/wp-content\/uploads\/2025\/03\/Santo_Stefano_Web-0229-1536x1020.webp 1536w, https:\/\/360rentals.it\/wp-content\/uploads\/2025\/03\/Santo_Stefano_Web-0229-2048x1360.webp 2048w\" sizes=\"auto, (max-width: 2313px) 100vw, 2313px\" \/>\t\t\t\t\t\t\t\t\t\t\t\t\t\t\t<\/div>\n\t\t\t\t<\/div>\n\t\t<div class=\"elementor-element elementor-element-3d460858 e-con-full e-flex e-con e-child\" data-id=\"3d460858\" data-element_type=\"container\">\n\t\t\t\t<div class=\"elementor-element elementor-element-1e9c8829 elementor-widget elementor-widget-heading\" data-id=\"1e9c8829\" data-element_type=\"widget\" data-widget_type=\"heading.default\">\n\t\t\t\t<div class=\"elementor-widget-container\">\n\t\t\t\t\t<h2 class=\"elementor-heading-title elementor-size-default\">Sind Sie Eigent\u00fcmer?<\/h2>\t\t\t\t<\/div>\n\t\t\t\t<\/div>\n\t\t\t\t<div class=\"elementor-element elementor-element-6bc61dd2 elementor-widget-mobile__width-inherit elementor-widget elementor-widget-text-editor\" data-id=\"6bc61dd2\" data-element_type=\"widget\" data-widget_type=\"text-editor.default\">\n\t\t\t\t<div class=\"elementor-widget-container\">\n\t\t\t\t\t\t\t\t\t<p>Wir bieten einen 360\u00b0-Service f\u00fcr Inhaber und Kleinunternehmer, die ein Unternehmen gr\u00fcnden oder das Potenzial eines bestehenden Unternehmens optimieren m\u00f6chten.<\/p><p>Sie k\u00f6nnen sich auf uns verlassen, denn wir verf\u00fcgen nicht nur \u00fcber ein Team von Fachleuten, die daf\u00fcr sorgen, dass Ihre Immobilie in bestem Zustand bleibt, sondern sind auch Experten im Revenue Management. So stellen wir sicher, dass das Potenzial Ihrer Immobilie stets maximal ausgesch\u00f6pft wird.<\/p>\t\t\t\t\t\t\t\t<\/div>\n\t\t\t\t<\/div>\n\t\t\t\t<div class=\"elementor-element elementor-element-3ec8704e elementor-align-left elementor-widget elementor-widget-button\" data-id=\"3ec8704e\" data-element_type=\"widget\" data-widget_type=\"button.default\">\n\t\t\t\t<div class=\"elementor-widget-container\">\n\t\t\t\t\t\t\t\t\t<div class=\"elementor-button-wrapper\">\n\t\t\t\t\t<a class=\"elementor-button elementor-button-link elementor-size-sm\" href=\"#\">\n\t\t\t\t\t\t<span class=\"elementor-button-content-wrapper\">\n\t\t\t\t\t\t\t\t\t<span class=\"elementor-button-text\">mehr erfahren<\/span>\n\t\t\t\t\t<\/span>\n\t\t\t\t\t<\/a>\n\t\t\t\t<\/div>\n\t\t\t\t\t\t\t\t<\/div>\n\t\t\t\t<\/div>\n\t\t\t\t<\/div>\n\t\t\t\t<\/div>\n\t\t<div class=\"elementor-element elementor-element-6d9812af e-flex e-con-boxed e-con e-parent\" data-id=\"6d9812af\" data-element_type=\"container\">\n\t\t\t\t\t<div class=\"e-con-inner\">\n\t\t<div class=\"elementor-element elementor-element-104a92a5 e-con-full e-flex e-con e-child\" data-id=\"104a92a5\" data-element_type=\"container\">\n\t\t\t\t<div class=\"elementor-element elementor-element-1d21d9cb elementor-widget elementor-widget-heading\" data-id=\"1d21d9cb\" data-element_type=\"widget\" data-widget_type=\"heading.default\">\n\t\t\t\t<div class=\"elementor-widget-container\">\n\t\t\t\t\t<h2 class=\"elementor-heading-title elementor-size-default\">Florenz erleben<\/h2>\t\t\t\t<\/div>\n\t\t\t\t<\/div>\n\t\t\t\t<div class=\"elementor-element elementor-element-3cc4c2af elementor-widget elementor-widget-text-editor\" data-id=\"3cc4c2af\" data-element_type=\"widget\" data-widget_type=\"text-editor.default\">\n\t\t\t\t<div class=\"elementor-widget-container\">\n\t\t\t\t\t\t\t\t\t<p>Florenz ist eine Stadt, die zu Fu\u00df erlebt wird, und unsere Unterk\u00fcnfte erm\u00f6glichen es Ihnen, vollst\u00e4ndig in ihre einzigartige Atmosph\u00e4re einzutauchen. Spazieren Sie durch die gepflasterten Stra\u00dfen, entdecken <b>Sie k\u00fcnstlerische Sch\u00e4tze<\/b> und genie\u00dfen Sie die <b>toskanische K\u00fcche<\/b> in einem der vielen typischen Restaurants. <br><br>Mit <b>360 Rentals<\/b> sind Sie immer nur wenige Schritte von den wichtigsten Sehensw\u00fcrdigkeiten entfernt, wie dem <b>Dom<\/b>, der <b>Uffizien-Galerie<\/b> und der <b>Ponte Vecchio<\/b>.<\/p>\t\t\t\t\t\t\t\t<\/div>\n\t\t\t\t<\/div>\n\t\t\t\t<\/div>\n\t\t<div class=\"elementor-element elementor-element-5680fdcb e-con-full e-flex e-con e-child\" data-id=\"5680fdcb\" data-element_type=\"container\">\n\t\t\t\t<div class=\"elementor-element elementor-element-3dd7fdcb animated-slow elementor-widget-mobile__width-initial elementor-invisible elementor-widget elementor-widget-image\" data-id=\"3dd7fdcb\" data-element_type=\"widget\" data-settings=\"{&quot;_animation&quot;:&quot;fadeInUp&quot;,&quot;motion_fx_motion_fx_scrolling&quot;:&quot;yes&quot;,&quot;motion_fx_translateY_effect&quot;:&quot;yes&quot;,&quot;motion_fx_translateY_speed&quot;:{&quot;unit&quot;:&quot;px&quot;,&quot;size&quot;:1,&quot;sizes&quot;:[]},&quot;motion_fx_translateY_affectedRange&quot;:{&quot;unit&quot;:&quot;%&quot;,&quot;size&quot;:&quot;&quot;,&quot;sizes&quot;:{&quot;start&quot;:0,&quot;end&quot;:100}},&quot;motion_fx_devices&quot;:[&quot;desktop&quot;,&quot;tablet&quot;,&quot;mobile&quot;]}\" data-widget_type=\"image.default\">\n\t\t\t\t<div class=\"elementor-widget-container\">\n\t\t\t\t\t\t\t\t\t\t\t\t\t\t\t<img loading=\"lazy\" loading=\"lazy\" decoding=\"async\" width=\"859\" height=\"1280\" src=\"https:\/\/360rentals.it\/wp-content\/uploads\/2025\/03\/dante-3072141_1280.webp\" class=\"attachment-full size-full wp-image-1252\" alt=\"\" srcset=\"https:\/\/360rentals.it\/wp-content\/uploads\/2025\/03\/dante-3072141_1280.webp 859w, https:\/\/360rentals.it\/wp-content\/uploads\/2025\/03\/dante-3072141_1280-201x300.webp 201w, https:\/\/360rentals.it\/wp-content\/uploads\/2025\/03\/dante-3072141_1280-687x1024.webp 687w, https:\/\/360rentals.it\/wp-content\/uploads\/2025\/03\/dante-3072141_1280-768x1144.webp 768w\" sizes=\"auto, (max-width: 859px) 100vw, 859px\" \/>\t\t\t\t\t\t\t\t\t\t\t\t\t\t\t<\/div>\n\t\t\t\t<\/div>\n\t\t\t\t<div class=\"elementor-element elementor-element-2ab999e5 elementor-widget-mobile__width-initial elementor-invisible elementor-widget elementor-widget-image\" data-id=\"2ab999e5\" data-element_type=\"widget\" data-settings=\"{&quot;motion_fx_motion_fx_scrolling&quot;:&quot;yes&quot;,&quot;motion_fx_translateY_effect&quot;:&quot;yes&quot;,&quot;motion_fx_translateY_direction&quot;:&quot;negative&quot;,&quot;motion_fx_translateY_speed&quot;:{&quot;unit&quot;:&quot;px&quot;,&quot;size&quot;:0.5,&quot;sizes&quot;:[]},&quot;_animation&quot;:&quot;fadeInRight&quot;,&quot;motion_fx_translateY_affectedRange&quot;:{&quot;unit&quot;:&quot;%&quot;,&quot;size&quot;:&quot;&quot;,&quot;sizes&quot;:{&quot;start&quot;:0,&quot;end&quot;:100}},&quot;motion_fx_devices&quot;:[&quot;desktop&quot;,&quot;tablet&quot;,&quot;mobile&quot;]}\" data-widget_type=\"image.default\">\n\t\t\t\t<div class=\"elementor-widget-container\">\n\t\t\t\t\t\t\t\t\t\t\t\t\t\t\t<img loading=\"lazy\" loading=\"lazy\" decoding=\"async\" width=\"852\" height=\"1280\" src=\"https:\/\/360rentals.it\/wp-content\/uploads\/2025\/03\/street-2921554_1280.webp\" class=\"attachment-full size-full wp-image-1256\" alt=\"\" srcset=\"https:\/\/360rentals.it\/wp-content\/uploads\/2025\/03\/street-2921554_1280.webp 852w, https:\/\/360rentals.it\/wp-content\/uploads\/2025\/03\/street-2921554_1280-200x300.webp 200w, https:\/\/360rentals.it\/wp-content\/uploads\/2025\/03\/street-2921554_1280-682x1024.webp 682w, https:\/\/360rentals.it\/wp-content\/uploads\/2025\/03\/street-2921554_1280-768x1154.webp 768w\" sizes=\"auto, (max-width: 852px) 100vw, 852px\" \/>\t\t\t\t\t\t\t\t\t\t\t\t\t\t\t<\/div>\n\t\t\t\t<\/div>\n\t\t\t\t<\/div>\n\t\t\t\t\t<\/div>\n\t\t\t\t<\/div>\n\t\t<div class=\"elementor-element elementor-element-4b5085cf e-con-full e-flex elementor-invisible e-con e-parent\" data-id=\"4b5085cf\" data-element_type=\"container\" data-settings=\"{&quot;background_background&quot;:&quot;classic&quot;,&quot;animation&quot;:&quot;fadeInUp&quot;}\">\n\t\t\t\t<div class=\"elementor-element elementor-element-3b5ff235 elementor-widget elementor-widget-heading\" data-id=\"3b5ff235\" data-element_type=\"widget\" data-widget_type=\"heading.default\">\n\t\t\t\t<div class=\"elementor-widget-container\">\n\t\t\t\t\t<h2 class=\"elementor-heading-title elementor-size-default\">Sie sagen \u00fcber uns<\/h2>\t\t\t\t<\/div>\n\t\t\t\t<\/div>\n\t\t\t\t<\/div>\n\t\t<div class=\"elementor-element elementor-element-3134cc50 e-con-full e-flex elementor-invisible e-con e-parent\" data-id=\"3134cc50\" data-element_type=\"container\" data-settings=\"{&quot;background_background&quot;:&quot;classic&quot;,&quot;animation&quot;:&quot;fadeIn&quot;}\">\n\t\t\t\t<div class=\"elementor-element elementor-element-66899a2e elementor-widget elementor-widget-html\" data-id=\"66899a2e\" data-element_type=\"widget\" data-widget_type=\"html.default\">\n\t\t\t\t<div class=\"elementor-widget-container\">\n\t\t\t\t\t<script src=\"https:\/\/static.elfsight.com\/platform\/platform.js\" data-use-service-core=\"\" defer><\/script>\r\n<div class=\"elfsight-app-9d1436d4-5bed-47e2-ba54-25237adc72ef\" data-elfsight-app-lazy=\"\"><\/div>\t\t\t\t<\/div>\n\t\t\t\t<\/div>\n\t\t\t\t<\/div>\n\t\t<div class=\"elementor-element elementor-element-414fd171 e-flex e-con-boxed e-con e-parent\" data-id=\"414fd171\" data-element_type=\"container\" data-settings=\"{&quot;background_background&quot;:&quot;classic&quot;}\">\n\t\t\t\t\t<div class=\"e-con-inner\">\n\t\t\t\t<div class=\"elementor-element elementor-element-2646862 elementor-widget elementor-widget-heading\" data-id=\"2646862\" data-element_type=\"widget\" data-widget_type=\"heading.default\">\n\t\t\t\t<div class=\"elementor-widget-container\">\n\t\t\t\t\t<h6 class=\"elementor-heading-title elementor-size-default\">Sie fragen, wir antworten<\/h6>\t\t\t\t<\/div>\n\t\t\t\t<\/div>\n\t\t\t\t<div class=\"elementor-element elementor-element-4bf9b05 elementor-widget elementor-widget-heading\" data-id=\"4bf9b05\" data-element_type=\"widget\" data-widget_type=\"heading.default\">\n\t\t\t\t<div class=\"elementor-widget-container\">\n\t\t\t\t\t<h2 class=\"elementor-heading-title elementor-size-default\">H\u00e4ufig gestellte Fragen<\/h2>\t\t\t\t<\/div>\n\t\t\t\t<\/div>\n\t\t<div class=\"elementor-element elementor-element-2514f8bc e-con-full e-flex e-con e-child\" data-id=\"2514f8bc\" data-element_type=\"container\">\n\t\t\t\t<div class=\"elementor-element elementor-element-169de7d5 elementor-widget__width-initial elementor-widget-tablet__width-inherit elementor-widget elementor-widget-toggle\" data-id=\"169de7d5\" data-element_type=\"widget\" data-widget_type=\"toggle.default\">\n\t\t\t\t<div class=\"elementor-widget-container\">\n\t\t\t\t\t\t\t<div class=\"elementor-toggle\">\n\t\t\t\t\t\t\t<div class=\"elementor-toggle-item\">\n\t\t\t\t\t<h4 id=\"elementor-tab-title-3791\" class=\"elementor-tab-title\" data-tab=\"1\" role=\"button\" aria-controls=\"elementor-tab-content-3791\" aria-expanded=\"false\">\n\t\t\t\t\t\t\t\t\t\t\t\t<a class=\"elementor-toggle-title\" tabindex=\"0\">Ist ein <b>Check-in nach Mitternacht<\/b> m\u00f6glich?<\/a>\n\t\t\t\t\t<\/h4>\n\n\t\t\t\t\t<div id=\"elementor-tab-content-3791\" class=\"elementor-tab-content elementor-clearfix\" data-tab=\"1\" role=\"region\" aria-labelledby=\"elementor-tab-title-3791\"><p>Ja, wir bieten einen Self-Check-in-Service an, der es G\u00e4sten dank detaillierter Anweisungen und eines automatisierten Schl\u00fcssel\u00fcbergabesystems erm\u00f6glicht, jederzeit anzureisen.<\/p>\n<\/div>\n\t\t\t\t<\/div>\n\t\t\t\t\t\t\t<div class=\"elementor-toggle-item\">\n\t\t\t\t\t<h4 id=\"elementor-tab-title-3792\" class=\"elementor-tab-title\" data-tab=\"2\" role=\"button\" aria-controls=\"elementor-tab-content-3792\" aria-expanded=\"false\">\n\t\t\t\t\t\t\t\t\t\t\t\t<a class=\"elementor-toggle-title\" tabindex=\"0\">Kann ich mein <b>Gep\u00e4ck<\/b> vor dem Check-in oder nach dem Check-out abstellen?<\/a>\n\t\t\t\t\t<\/h4>\n\n\t\t\t\t\t<div id=\"elementor-tab-content-3792\" class=\"elementor-tab-content elementor-clearfix\" data-tab=\"2\" role=\"region\" aria-labelledby=\"elementor-tab-title-3792\"><p>Am Anreisetag k\u00f6nnen G\u00e4ste ihr Gep\u00e4ck ab 11:00 Uhr abgeben. F\u00fcr den Abreisetag empfehlen wir die Nutzung der Gep\u00e4ckaufbewahrung am Bahnhof oder in der N\u00e4he des Apartments, da wir nach dem Check-out keinen Platz mehr f\u00fcr Gep\u00e4ck anbieten k\u00f6nnen. <\/p>\n<\/div>\n\t\t\t\t<\/div>\n\t\t\t\t\t\t\t<div class=\"elementor-toggle-item\">\n\t\t\t\t\t<h4 id=\"elementor-tab-title-3793\" class=\"elementor-tab-title\" data-tab=\"3\" role=\"button\" aria-controls=\"elementor-tab-content-3793\" aria-expanded=\"false\">\n\t\t\t\t\t\t\t\t\t\t\t\t<a class=\"elementor-toggle-title\" tabindex=\"0\">Kann ich meinen Aufenthalt per Bank\u00fcberweisung bezahlen?<\/a>\n\t\t\t\t\t<\/h4>\n\n\t\t\t\t\t<div id=\"elementor-tab-content-3793\" class=\"elementor-tab-content elementor-clearfix\" data-tab=\"3\" role=\"region\" aria-labelledby=\"elementor-tab-title-3793\"><p>Bei Buchungen \u00fcber externe Plattformen wie Booking.com sollte die Zahlung auch \u00fcber diese erfolgen. Eine direkte Zahlung per Bank\u00fcberweisung an uns ist bei diesen Buchungen daher nicht m\u00f6glich. Bei Direktbuchungen ist dies m\u00f6glich, jedoch mindestens eine Woche im Voraus.  <\/p>\n<\/div>\n\t\t\t\t<\/div>\n\t\t\t\t\t\t\t<div class=\"elementor-toggle-item\">\n\t\t\t\t\t<h4 id=\"elementor-tab-title-3794\" class=\"elementor-tab-title\" data-tab=\"4\" role=\"button\" aria-controls=\"elementor-tab-content-3794\" aria-expanded=\"false\">\n\t\t\t\t\t\t\t\t\t\t\t\t<a class=\"elementor-toggle-title\" tabindex=\"0\">Gibt es <b>Parkpl\u00e4tze <\/b>in der N\u00e4he der Unterkunft?<\/a>\n\t\t\t\t\t<\/h4>\n\n\t\t\t\t\t<div id=\"elementor-tab-content-3794\" class=\"elementor-tab-content elementor-clearfix\" data-tab=\"4\" role=\"region\" aria-labelledby=\"elementor-tab-title-3794\"><p>Ja, es gibt verschiedene Garagen in der N\u00e4he der Anlagen. Wir empfehlen eine Vorreservierung. Die Kosten variieren je nach Fahrzeuggr\u00f6\u00dfe zwischen 25 und 45 Euro pro Tag. Eine Vorreservierung ist durch direkte Kontaktaufnahme mit den Werkst\u00e4tten m\u00f6glich.  <\/p>\n<\/div>\n\t\t\t\t<\/div>\n\t\t\t\t\t\t\t<div class=\"elementor-toggle-item\">\n\t\t\t\t\t<h4 id=\"elementor-tab-title-3795\" class=\"elementor-tab-title\" data-tab=\"5\" role=\"button\" aria-controls=\"elementor-tab-content-3795\" aria-expanded=\"false\">\n\t\t\t\t\t\t\t\t\t\t\t\t<a class=\"elementor-toggle-title\" tabindex=\"0\">Haben die Apartments eine <b>K\u00fcche<\/b>?<\/a>\n\t\t\t\t\t<\/h4>\n\n\t\t\t\t\t<div id=\"elementor-tab-content-3795\" class=\"elementor-tab-content elementor-clearfix\" data-tab=\"5\" role=\"region\" aria-labelledby=\"elementor-tab-title-3795\"><p>Ja, alle Apartments verf\u00fcgen \u00fcber eine voll ausgestattete K\u00fcche, ideal f\u00fcr l\u00e4ngere Aufenthalte.<\/p>\n<\/div>\n\t\t\t\t<\/div>\n\t\t\t\t\t\t\t<div class=\"elementor-toggle-item\">\n\t\t\t\t\t<h4 id=\"elementor-tab-title-3796\" class=\"elementor-tab-title\" data-tab=\"6\" role=\"button\" aria-controls=\"elementor-tab-content-3796\" aria-expanded=\"false\">\n\t\t\t\t\t\t\t\t\t\t\t\t<a class=\"elementor-toggle-title\" tabindex=\"0\">Sind Bettw\u00e4sche und Handt\u00fccher inklusive?<\/a>\n\t\t\t\t\t<\/h4>\n\n\t\t\t\t\t<div id=\"elementor-tab-content-3796\" class=\"elementor-tab-content elementor-clearfix\" data-tab=\"6\" role=\"region\" aria-labelledby=\"elementor-tab-title-3796\"><p>Ja, alle unsere Unterk\u00fcnfte sind komplett mit Bettw\u00e4sche und Handt\u00fcchern ausgestattet (ein Handtuch und ein Gesichtshandtuch pro Person). Du brauchst nichts von zu Hause mitzubringen! <\/p>\n<\/div>\n\t\t\t\t<\/div>\n\t\t\t\t\t\t\t\t\t\t<script type=\"application\/ld+json\">{\"@context\":\"https:\\\/\\\/schema.org\",\"@type\":\"FAQPage\",\"mainEntity\":[{\"@type\":\"Question\",\"name\":\"Ist ein Check-in nach Mitternacht m\\u00f6glich?\",\"acceptedAnswer\":{\"@type\":\"Answer\",\"text\":\"<p>Ja, wir bieten einen Self-Check-in-Service an, der es G\\u00e4sten dank detaillierter Anweisungen und eines automatisierten Schl\\u00fcssel\\u00fcbergabesystems erm\\u00f6glicht, jederzeit anzureisen.<\\\/p>\\n\"}},{\"@type\":\"Question\",\"name\":\"Kann ich mein Gep\\u00e4ck vor dem Check-in oder nach dem Check-out abstellen?\",\"acceptedAnswer\":{\"@type\":\"Answer\",\"text\":\"<p>Am Anreisetag k\\u00f6nnen G\\u00e4ste ihr Gep\\u00e4ck ab 11:00 Uhr abgeben. F\\u00fcr den Abreisetag empfehlen wir die Nutzung der Gep\\u00e4ckaufbewahrung am Bahnhof oder in der N\\u00e4he des Apartments, da wir nach dem Check-out keinen Platz mehr f\\u00fcr Gep\\u00e4ck anbieten k\\u00f6nnen. <\\\/p>\\n\"}},{\"@type\":\"Question\",\"name\":\"Kann ich meinen Aufenthalt per Bank\\u00fcberweisung bezahlen?\",\"acceptedAnswer\":{\"@type\":\"Answer\",\"text\":\"<p>Bei Buchungen \\u00fcber externe Plattformen wie Booking.com sollte die Zahlung auch \\u00fcber diese erfolgen. Eine direkte Zahlung per Bank\\u00fcberweisung an uns ist bei diesen Buchungen daher nicht m\\u00f6glich. Bei Direktbuchungen ist dies m\\u00f6glich, jedoch mindestens eine Woche im Voraus.  <\\\/p>\\n\"}},{\"@type\":\"Question\",\"name\":\"Gibt es Parkpl\\u00e4tze in der N\\u00e4he der Unterkunft?\",\"acceptedAnswer\":{\"@type\":\"Answer\",\"text\":\"<p>Ja, es gibt verschiedene Garagen in der N\\u00e4he der Anlagen. Wir empfehlen eine Vorreservierung. Die Kosten variieren je nach Fahrzeuggr\\u00f6\\u00dfe zwischen 25 und 45 Euro pro Tag. Eine Vorreservierung ist durch direkte Kontaktaufnahme mit den Werkst\\u00e4tten m\\u00f6glich.  <\\\/p>\\n\"}},{\"@type\":\"Question\",\"name\":\"Haben die Apartments eine K\\u00fcche?\",\"acceptedAnswer\":{\"@type\":\"Answer\",\"text\":\"<p>Ja, alle Apartments verf\\u00fcgen \\u00fcber eine voll ausgestattete K\\u00fcche, ideal f\\u00fcr l\\u00e4ngere Aufenthalte.<\\\/p>\\n\"}},{\"@type\":\"Question\",\"name\":\"Sind Bettw\\u00e4sche und Handt\\u00fccher inklusive?\",\"acceptedAnswer\":{\"@type\":\"Answer\",\"text\":\"<p>Ja, alle unsere Unterk\\u00fcnfte sind komplett mit Bettw\\u00e4sche und Handt\\u00fcchern ausgestattet (ein Handtuch und ein Gesichtshandtuch pro Person). Du brauchst nichts von zu Hause mitzubringen! <\\\/p>\\n\"}}]}<\/script>\n\t\t\t\t\t<\/div>\n\t\t\t\t\t\t<\/div>\n\t\t\t\t<\/div>\n\t\t\t\t<div class=\"elementor-element elementor-element-556ecdee elementor-widget__width-initial elementor-widget-tablet__width-inherit elementor-widget elementor-widget-toggle\" data-id=\"556ecdee\" data-element_type=\"widget\" data-widget_type=\"toggle.default\">\n\t\t\t\t<div class=\"elementor-widget-container\">\n\t\t\t\t\t\t\t<div class=\"elementor-toggle\">\n\t\t\t\t\t\t\t<div class=\"elementor-toggle-item\">\n\t\t\t\t\t<h4 id=\"elementor-tab-title-1431\" class=\"elementor-tab-title\" data-tab=\"1\" role=\"button\" aria-controls=\"elementor-tab-content-1431\" aria-expanded=\"false\">\n\t\t\t\t\t\t\t\t\t\t\t\t<a class=\"elementor-toggle-title\" tabindex=\"0\">Kann ich mein <b>Haustier mitbringen<\/b>?<\/a>\n\t\t\t\t\t<\/h4>\n\n\t\t\t\t\t<div id=\"elementor-tab-content-1431\" class=\"elementor-tab-content elementor-clearfix\" data-tab=\"1\" role=\"region\" aria-labelledby=\"elementor-tab-title-1431\"><p>Nein, tut mir leid. Aus Allergiegr\u00fcnden und aufgrund interner Vorschriften akzeptieren wir keine Haustiere in unseren Einrichtungen. <\/p>\n<\/div>\n\t\t\t\t<\/div>\n\t\t\t\t\t\t\t<div class=\"elementor-toggle-item\">\n\t\t\t\t\t<h4 id=\"elementor-tab-title-1432\" class=\"elementor-tab-title\" data-tab=\"2\" role=\"button\" aria-controls=\"elementor-tab-content-1432\" aria-expanded=\"false\">\n\t\t\t\t\t\t\t\t\t\t\t\t<a class=\"elementor-toggle-title\" tabindex=\"0\">Ist die Wohnung f\u00fcr G\u00e4ste mit <b>Behinderungen <\/b>zug\u00e4nglich?<\/a>\n\t\t\t\t\t<\/h4>\n\n\t\t\t\t\t<div id=\"elementor-tab-content-1432\" class=\"elementor-tab-content elementor-clearfix\" data-tab=\"2\" role=\"region\" aria-labelledby=\"elementor-tab-title-1432\"><p>Leider befinden sich viele unserer Wohnungen in historischen Geb\u00e4uden ohne Aufzug oder steile Treppen. Einige Unterk\u00fcnfte verf\u00fcgen jedoch \u00fcber Aufz\u00fcge zu bestimmten Etagen. Kontaktieren Sie uns f\u00fcr weitere Informationen zur Verf\u00fcgbarkeit.  <\/p>\n<\/div>\n\t\t\t\t<\/div>\n\t\t\t\t\t\t\t<div class=\"elementor-toggle-item\">\n\t\t\t\t\t<h4 id=\"elementor-tab-title-1433\" class=\"elementor-tab-title\" data-tab=\"3\" role=\"button\" aria-controls=\"elementor-tab-content-1433\" aria-expanded=\"false\">\n\t\t\t\t\t\t\t\t\t\t\t\t<a class=\"elementor-toggle-title\" tabindex=\"0\">Wie viele Schlafzimmer und Badezimmer gibt es in den Wohnungen?<\/a>\n\t\t\t\t\t<\/h4>\n\n\t\t\t\t\t<div id=\"elementor-tab-content-1433\" class=\"elementor-tab-content elementor-clearfix\" data-tab=\"3\" role=\"region\" aria-labelledby=\"elementor-tab-title-1433\"><p>Wir bieten verschiedene Konfigurationen an, wobei einige Apartments \u00fcber bis zu zwei Schlafzimmer und zwei Badezimmer verf\u00fcgen. Wir bitten Sie, die Spezifikationen des ausgew\u00e4hlten Apartments zum Zeitpunkt der Buchung zu \u00fcberpr\u00fcfen. <\/p>\n<\/div>\n\t\t\t\t<\/div>\n\t\t\t\t\t\t\t<div class=\"elementor-toggle-item\">\n\t\t\t\t\t<h4 id=\"elementor-tab-title-1434\" class=\"elementor-tab-title\" data-tab=\"4\" role=\"button\" aria-controls=\"elementor-tab-content-1434\" aria-expanded=\"false\">\n\t\t\t\t\t\t\t\t\t\t\t\t<a class=\"elementor-toggle-title\" tabindex=\"0\">Wie funktioniert die Heizung\/Klimaanlage?<\/a>\n\t\t\t\t\t<\/h4>\n\n\t\t\t\t\t<div id=\"elementor-tab-content-1434\" class=\"elementor-tab-content elementor-clearfix\" data-tab=\"4\" role=\"region\" aria-labelledby=\"elementor-tab-title-1434\"><p>Alle Wohnungen sind mit unabh\u00e4ngigen Heizungssystemen und teilweise auch mit Klimaanlagen ausgestattet.<br \/>Wir sorgen daf\u00fcr, dass die Umgebung zu jeder Jahreszeit angenehm ist, auch wenn das Gesetz je nach Jahreszeit eine Mindest- und H\u00f6chsttemperatur vorschreibt.<\/p>\n<\/div>\n\t\t\t\t<\/div>\n\t\t\t\t\t\t\t<div class=\"elementor-toggle-item\">\n\t\t\t\t\t<h4 id=\"elementor-tab-title-1435\" class=\"elementor-tab-title\" data-tab=\"5\" role=\"button\" aria-controls=\"elementor-tab-content-1435\" aria-expanded=\"false\">\n\t\t\t\t\t\t\t\t\t\t\t\t<a class=\"elementor-toggle-title\" tabindex=\"0\">Wie funktioniert die <b>Kurtaxe<\/b>?<\/a>\n\t\t\t\t\t<\/h4>\n\n\t\t\t\t\t<div id=\"elementor-tab-content-1435\" class=\"elementor-tab-content elementor-clearfix\" data-tab=\"5\" role=\"region\" aria-labelledby=\"elementor-tab-title-1435\"><p>Die Kurtaxe ist obligatorisch und wird vor Ort (in bar) bezahlt. Die Kosten betragen 6 \u20ac pro Person und Nacht ab 12 Jahren. Es ist nicht im bei der Buchung oder auf unserer Website gebuchten Preis enthalten. Bei Airbnb hingegen zahlt der Gast diese direkt auf dem Portal.   <\/p>\n<\/div>\n\t\t\t\t<\/div>\n\t\t\t\t\t\t\t<div class=\"elementor-toggle-item\">\n\t\t\t\t\t<h4 id=\"elementor-tab-title-1436\" class=\"elementor-tab-title\" data-tab=\"6\" role=\"button\" aria-controls=\"elementor-tab-content-1436\" aria-expanded=\"false\">\n\t\t\t\t\t\t\t\t\t\t\t\t<a class=\"elementor-toggle-title\" tabindex=\"0\">Welche Concierge-Dienste bieten Sie an?<\/a>\n\t\t\t\t\t<\/h4>\n\n\t\t\t\t\t<div id=\"elementor-tab-content-1436\" class=\"elementor-tab-content elementor-clearfix\" data-tab=\"6\" role=\"region\" aria-labelledby=\"elementor-tab-title-1436\"><p>Auf Anfrage bieten wir folgende Dienstleistungen an:<\/p>\n<ul>\n<li>Buchung von Touren, Verkostungen oder Veranstaltungen<\/li>\n<li>Transferdienste und Fahrer<\/li>\n<li>Empfehlungen f\u00fcr lokale Restaurants und Aktivit\u00e4ten.<\/li>\n<\/ul>\n<p>Kontaktieren Sie uns f\u00fcr weitere Informationen!<\/p>\n<\/div>\n\t\t\t\t<\/div>\n\t\t\t\t\t\t\t\t<\/div>\n\t\t\t\t\t\t<\/div>\n\t\t\t\t<\/div>\n\t\t\t\t<\/div>\n\t\t\t\t\t<\/div>\n\t\t\t\t<\/div>\n\t\t<div class=\"elementor-element elementor-element-2e0a81c1 e-con-full e-flex e-con e-parent\" data-id=\"2e0a81c1\" data-element_type=\"container\" data-settings=\"{&quot;background_background&quot;:&quot;classic&quot;}\">\n\t\t\t\t<div class=\"elementor-element elementor-element-64e7a0b animated-slow elementor-invisible elementor-widget elementor-widget-heading\" data-id=\"64e7a0b\" data-element_type=\"widget\" data-settings=\"{&quot;_animation&quot;:&quot;slideInUp&quot;}\" data-widget_type=\"heading.default\">\n\t\t\t\t<div class=\"elementor-widget-container\">\n\t\t\t\t\t<h2 class=\"elementor-heading-title elementor-size-default\">\u00dcber uns<\/h2>\t\t\t\t<\/div>\n\t\t\t\t<\/div>\n\t\t<div class=\"elementor-element elementor-element-64d840b3 e-con-full e-flex e-con e-child\" data-id=\"64d840b3\" data-element_type=\"container\">\n\t\t<div class=\"elementor-element elementor-element-49b9ab36 animated-slow e-con-full e-flex elementor-invisible e-con e-child\" data-id=\"49b9ab36\" data-element_type=\"container\" data-settings=\"{&quot;background_background&quot;:&quot;classic&quot;,&quot;animation&quot;:&quot;fadeInUp&quot;,&quot;animation_delay&quot;:600}\">\n\t\t\t\t<\/div>\n\t\t<div class=\"elementor-element elementor-element-1268053d e-con-full e-flex e-con e-child\" data-id=\"1268053d\" data-element_type=\"container\">\n\t\t\t\t<div class=\"elementor-element elementor-element-1458ab21 elementor-widget elementor-widget-text-editor\" data-id=\"1458ab21\" data-element_type=\"widget\" data-widget_type=\"text-editor.default\">\n\t\t\t\t<div class=\"elementor-widget-container\">\n\t\t\t\t\t\t\t\t\t<p>360 Rentals wurde mit der Idee gegr\u00fcndet, Immobilienmanagement, lokale Gastfreundschaftsdienste und Online-Angebote zu verflechten. Dadurch bieten wir Hausbesitzern mehr Sicherheit und Reisenden mehr Ruhe. Gleichzeitig erm\u00f6glichen wir es lokalen Fachleuten zu arbeiten.  <\/p><p>Im Jahr 2014 brachte Florenz Nycolas Martin, einen Kanadier aus der Gastgewerbebranche, und Andrea Frua De Angeli, einen italo-amerikanischen Fernseh-Postproduktionsleiter, zusammen. Als der Markt f\u00fcr Kurzzeitvermietungen in Italien wuchs, wuchsen sie und etablierten sich in der Verwaltung von Apartments und B&amp;Bs in Florenz. <\/p><p>Ihre unternehmerische Intuition war es, ihre Kernwerte beizubehalten und Dienstleistungen zu verflechten, um der Gemeinschaft dabei zu helfen, Probleml\u00f6sungen anzubieten.<\/p>\t\t\t\t\t\t\t\t<\/div>\n\t\t\t\t<\/div>\n\t\t\t\t<div class=\"elementor-element elementor-element-2cf1b8c1 elementor-widget elementor-widget-text-editor\" data-id=\"2cf1b8c1\" data-element_type=\"widget\" data-widget_type=\"text-editor.default\">\n\t\t\t\t<div class=\"elementor-widget-container\">\n\t\t\t\t\t\t\t\t\t<p><span style=\"letter-spacing: 0px; word-spacing: 0em; text-align: var(--text-align); background-color: var( --e-global-color-text );\">360 Rentals schlie\u00dft den Kreis mit seinen G\u00e4sten und Eigent\u00fcmern!<\/span><\/p>\t\t\t\t\t\t\t\t<\/div>\n\t\t\t\t<\/div>\n\t\t\t\t<\/div>\n\t\t\t\t<\/div>\n\t\t\t\t<\/div>\n\t\t\t\t<\/div>\n\t\t","protected":false},"excerpt":{"rendered":"<p>Ihr Zuhause in Florenz Finden Sie die perfekte L\u00f6sung f\u00fcr Sie 360 Rentals Authentisches und Raffiniertes Erlebnis in Florenz oder auf dem Land Wir bieten eine exklusive Auswahl an Zimmern, Apartments und Villen, alle mit edlen Ausstattungen und hochwertigem Design, ideal f\u00fcr anspruchsvolle Reisende, die den Zauber dieser Region im Herzen des historischen Zentrums von [&hellip;]<\/p>\n","protected":false},"author":1,"featured_media":0,"parent":0,"menu_order":0,"comment_status":"closed","ping_status":"closed","template":"","meta":{"inline_featured_image":false,"footnotes":""},"class_list":["post-1344","page","type-page","status-publish","hentry"],"_links":{"self":[{"href":"https:\/\/360rentals.it\/de\/wp-json\/wp\/v2\/pages\/1344","targetHints":{"allow":["GET"]}}],"collection":[{"href":"https:\/\/360rentals.it\/de\/wp-json\/wp\/v2\/pages"}],"about":[{"href":"https:\/\/360rentals.it\/de\/wp-json\/wp\/v2\/types\/page"}],"author":[{"embeddable":true,"href":"https:\/\/360rentals.it\/de\/wp-json\/wp\/v2\/users\/1"}],"replies":[{"embeddable":true,"href":"https:\/\/360rentals.it\/de\/wp-json\/wp\/v2\/comments?post=1344"}],"version-history":[{"count":1,"href":"https:\/\/360rentals.it\/de\/wp-json\/wp\/v2\/pages\/1344\/revisions"}],"predecessor-version":[{"id":1345,"href":"https:\/\/360rentals.it\/de\/wp-json\/wp\/v2\/pages\/1344\/revisions\/1345"}],"wp:attachment":[{"href":"https:\/\/360rentals.it\/de\/wp-json\/wp\/v2\/media?parent=1344"}],"curies":[{"name":"wp","href":"https:\/\/api.w.org\/{rel}","templated":true}]}}